{"id":972,"date":"2023-01-20T12:55:40","date_gmt":"2023-01-20T12:55:40","guid":{"rendered":"https:\/\/gute.leadersverige.se\/?page_id=972"},"modified":"2023-02-15T15:10:26","modified_gmt":"2023-02-15T15:10:26","slug":"kalender","status":"publish","type":"page","link":"https:\/\/leadergute.se\/en\/kalender\/","title":{"rendered":"Calendar"},"content":{"rendered":"<p>[et_pb_section fb_built=&#8221;1&#8243; _builder_version=&#8221;4.19.4&#8243; _module_preset=&#8221;default&#8221; custom_padding=&#8221;0px||||false|false&#8221; global_colors_info=&#8221;{}&#8221;][et_pb_row column_structure=&#8221;1_2,1_2&#8243; _builder_version=&#8221;4.19.4&#8243; _module_preset=&#8221;default&#8221; border_width_bottom=&#8221;1px&#8221; border_color_bottom=&#8221;#0C4160&#8243; global_colors_info=&#8221;{}&#8221;][et_pb_column type=&#8221;1_2&#8243; _builder_version=&#8221;4.19.4&#8243; _module_preset=&#8221;default&#8221; custom_padding=&#8221;30px|0px|0px|0px|false|false&#8221; custom_padding_tablet=&#8221;30px|0px|0px|0px|false|false&#8221; custom_padding_phone=&#8221;30px|0px|0px|0px|false|false&#8221; custom_padding_last_edited=&#8221;on|phone&#8221; global_colors_info=&#8221;{}&#8221;][et_pb_text _builder_version=&#8221;4.19.4&#8243; _module_preset=&#8221;default&#8221; header_font=&#8221;Oswald|500||on|||||&#8221; header_text_color=&#8221;#D57176&#8243; global_colors_info=&#8221;{}&#8221;]<\/p>\n<h1>Vad h\u00e4nder hos oss?<\/h1>\n<p>[\/et_pb_text][\/et_pb_column][et_pb_column type=&#8221;1_2&#8243; _builder_version=&#8221;4.19.4&#8243; _module_preset=&#8221;default&#8221; custom_padding=&#8221;30px|0px|0px|0px|false|false&#8221; custom_padding_tablet=&#8221;30px|0px|0px|0px|false|false&#8221; custom_padding_phone=&#8221;30px|0px|0px|0px|false|false&#8221; custom_padding_last_edited=&#8221;on|phone&#8221; global_colors_info=&#8221;{}&#8221;][et_pb_text _builder_version=&#8221;4.19.5&#8243; _module_preset=&#8221;default&#8221; hover_enabled=&#8221;0&#8243; global_colors_info=&#8221;{}&#8221; sticky_enabled=&#8221;0&#8243;][\/et_pb_text][\/et_pb_column][\/et_pb_row][et_pb_row _builder_version=&#8221;4.19.4&#8243; _module_preset=&#8221;default&#8221; global_colors_info=&#8221;{}&#8221;][et_pb_column type=&#8221;4_4&#8243; _builder_version=&#8221;4.19.4&#8243; _module_preset=&#8221;default&#8221; custom_padding=&#8221;30px|0px|0px|0px|false|false&#8221; custom_padding_tablet=&#8221;30px|0px|0px|0px|false|false&#8221; custom_padding_phone=&#8221;30px|0px|0px|0px|false|false&#8221; custom_padding_last_edited=&#8221;on|phone&#8221; global_colors_info=&#8221;{}&#8221;][et_pb_text _builder_version=&#8221;4.19.4&#8243; _module_preset=&#8221;default&#8221; global_colors_info=&#8221;{}&#8221;]                <div class=\"calendar-container pink\">            \n                            <a class=\"calendar-post\" href=\"https:\/\/leadergute.se\/en\/kalenderpost\/deadline-for-ansokan-om-stod-till-miniprojekt-infor-beslutskommitte-12\/\">    \n                    <div class=\"date-wrapper\">\n                        3\/9                    <\/div>\n                    <div class=\"post-content\">\n                        <h3>Deadline f\u00f6r ans\u00f6kan om st\u00f6d till miniprojekt inf\u00f6r beslutskommitt\u00e9<\/h3>\n                                                    <p>Den 3 september 2026 m\u00e5ste ans\u00f6kningar om st\u00f6d till miniprojekt ha inkommit, f\u00f6r att tas upp f\u00f6r beslut den 17 september 2026.<\/p>\n                                            <\/div>\n                    <div class=\"post-symbol\">\n                        <span class=\"symbol-wrapper\">\n                            <i class=\"fa-light fa-chevron-right\"><\/i>\n                        <\/span>                            \n                    <\/div>\n                <\/a>\n                            <a class=\"calendar-post\" href=\"https:\/\/leadergute.se\/en\/kalenderpost\/leader-gute-pa-skordefestivalen-info-om-nya-ministod-och-ungdomstorget\/\">    \n                    <div class=\"date-wrapper\">\n                        5\/9                    <\/div>\n                    <div class=\"post-content\">\n                        <h3>Leader Gute p\u00e5 Sk\u00f6rdefestivalen \u2013 Info om nya minist\u00f6d och Ungdomstorget!<\/h3>\n                                                    <p>Leader Gute finns p\u00e5 plats p\u00e5 Sk\u00f6rdefestivalen p\u00e5 Gotland Gr\u00f6nt Centrum i Roma den 5 och 6 september. Dels med en informationsmonter om h\u00f6stens nya minist\u00f6d, dels Ungdomstorget som arrangeras av Leader Gutes Arvsfondsfinansierade projekt &#8221;Ung livskraft i samverkan&#8221;.<\/p>\n                                            <\/div>\n                    <div class=\"post-symbol\">\n                        <span class=\"symbol-wrapper\">\n                            <i class=\"fa-light fa-chevron-right\"><\/i>\n                        <\/span>                            \n                    <\/div>\n                <\/a>\n                            <a class=\"calendar-post\" href=\"https:\/\/leadergute.se\/en\/kalenderpost\/deadline-for-checklista-projektstod-6\/\">    \n                    <div class=\"date-wrapper\">\n                        15\/9                    <\/div>\n                    <div class=\"post-content\">\n                        <h3>Deadline f\u00f6r checklista projektst\u00f6d<\/h3>\n                                                    <p>Den 15 september 2026 \u00e4r det deadline f\u00f6r checklistor till Leader Gutes kansli ang\u00e5ende ans\u00f6kan om projektst\u00f6d senast den 12 oktober 2026. Ans\u00f6kningar tas sedan upp till beslut om prioritering den 3 december 2026.<\/p>\n                                            <\/div>\n                    <div class=\"post-symbol\">\n                        <span class=\"symbol-wrapper\">\n                            <i class=\"fa-light fa-chevron-right\"><\/i>\n                        <\/span>                            \n                    <\/div>\n                <\/a>\n                            <a class=\"calendar-post\" href=\"https:\/\/leadergute.se\/en\/kalenderpost\/styrelsemote-i-leader-gute-utvecklingsmote\/\">    \n                    <div class=\"date-wrapper\">\n                        24\/9                    <\/div>\n                    <div class=\"post-content\">\n                        <h3>Styrelsem\u00f6te i Leader Gute \u2013 utvecklingsm\u00f6te<\/h3>\n                                                    <p>Leader Gutes styrelse har utvecklingsm\u00f6te den 24 september 2026.<\/p>\n                                            <\/div>\n                    <div class=\"post-symbol\">\n                        <span class=\"symbol-wrapper\">\n                            <i class=\"fa-light fa-chevron-right\"><\/i>\n                        <\/span>                            \n                    <\/div>\n                <\/a>\n                            <a class=\"calendar-post\" href=\"https:\/\/leadergute.se\/en\/kalenderpost\/valkommen-pa-oppet-hus-hos-leader-gute-med-fokus-pa-aktuella-och-nya-ministod\/\">    \n                    <div class=\"date-wrapper\">\n                        30\/9                    <\/div>\n                    <div class=\"post-content\">\n                        <h3>V\u00e4lkommen p\u00e5 \u00d6ppet Hus hos Leader Gute  \u2013 med fokus p\u00e5 aktuella och nya minist\u00f6d<\/h3>\n                                                    <p>Onsdagen den 30 september kl 14.00\u201319.00 \u00e4r det \u00d6ppet Hus p\u00e5 Leader Gutes kansli vid Gotland Gr\u00f6nt Centrum i Roma. Vi informerar fr\u00e4mst om aktuella och nya minist\u00f6d.<\/p>\n                                            <\/div>\n                    <div class=\"post-symbol\">\n                        <span class=\"symbol-wrapper\">\n                            <i class=\"fa-light fa-chevron-right\"><\/i>\n                        <\/span>                            \n                    <\/div>\n                <\/a>\n                            <a class=\"calendar-post\" href=\"https:\/\/leadergute.se\/en\/kalenderpost\/ansokan-om-projektstod-till-jordbruksverket-5\/\">    \n                    <div class=\"date-wrapper\">\n                        12\/10                    <\/div>\n                    <div class=\"post-content\">\n                        <h3>Ans\u00f6kan om projektst\u00f6d till Jordbruksverket<\/h3>\n                                                    <p>Den 12 oktober 2026 \u00e4r sista datum f\u00f6r ans\u00f6kan om projektst\u00f6d f\u00f6r prioritering av ans\u00f6kan den 1 december 2026.<\/p>\n                                            <\/div>\n                    <div class=\"post-symbol\">\n                        <span class=\"symbol-wrapper\">\n                            <i class=\"fa-light fa-chevron-right\"><\/i>\n                        <\/span>                            \n                    <\/div>\n                <\/a>\n                            <a class=\"calendar-post\" href=\"https:\/\/leadergute.se\/en\/kalenderpost\/deadline-for-ansokan-om-stod-till-miniprojekt-infor-beslutskommitte-10\/\">    \n                    <div class=\"date-wrapper\">\n                        15\/10                    <\/div>\n                    <div class=\"post-content\">\n                        <h3>Deadline f\u00f6r ans\u00f6kan om st\u00f6d till miniprojekt inf\u00f6r beslutskommitt\u00e9<\/h3>\n                                                    <p>Den 15 oktober 2026 m\u00e5ste ans\u00f6kningar om st\u00f6d till miniprojekt ha inkommit, f\u00f6r att tas upp f\u00f6r beslut den 29 oktober 2026.<\/p>\n                                            <\/div>\n                    <div class=\"post-symbol\">\n                        <span class=\"symbol-wrapper\">\n                            <i class=\"fa-light fa-chevron-right\"><\/i>\n                        <\/span>                            \n                    <\/div>\n                <\/a>\n                            <a class=\"calendar-post\" href=\"https:\/\/leadergute.se\/en\/kalenderpost\/deadline-for-ansokan-om-stod-till-miniprojekt-infor-beslutskommitte-13\/\">    \n                    <div class=\"date-wrapper\">\n                        26\/11                    <\/div>\n                    <div class=\"post-content\">\n                        <h3>Deadline f\u00f6r ans\u00f6kan om st\u00f6d till miniprojekt inf\u00f6r beslutskommitt\u00e9<\/h3>\n                                                    <p>Den 26 november 2026 m\u00e5ste ans\u00f6kningar om st\u00f6d till miniprojekt ha inkommit, f\u00f6r att tas upp f\u00f6r beslut den 10 december 2026.<\/p>\n                                            <\/div>\n                    <div class=\"post-symbol\">\n                        <span class=\"symbol-wrapper\">\n                            <i class=\"fa-light fa-chevron-right\"><\/i>\n                        <\/span>                            \n                    <\/div>\n                <\/a>\n                            <a class=\"calendar-post\" href=\"https:\/\/leadergute.se\/en\/kalenderpost\/deadline-for-checklista-projektstod-7\/\">    \n                    <div class=\"date-wrapper\">\n                        1\/12                    <\/div>\n                    <div class=\"post-content\">\n                        <h3>Deadline f\u00f6r checklista projektst\u00f6d<\/h3>\n                                                    <p>Den 1 december 2026 \u00e4r det deadline f\u00f6r checklistor till Leader Gutes kansli ang\u00e5ende ans\u00f6kan om projektst\u00f6d senast den 11 januari 2027. Ans\u00f6kningar tas sedan upp till beslut om prioritering den 25 februari 2027.<\/p>\n                                            <\/div>\n                    <div class=\"post-symbol\">\n                        <span class=\"symbol-wrapper\">\n                            <i class=\"fa-light fa-chevron-right\"><\/i>\n                        <\/span>                            \n                    <\/div>\n                <\/a>\n                            <a class=\"calendar-post\" href=\"https:\/\/leadergute.se\/en\/kalenderpost\/styrelsemote-i-leader-gute-projektbesluts-och-utvecklingsmote-8\/\">    \n                    <div class=\"date-wrapper\">\n                        3\/12                    <\/div>\n                    <div class=\"post-content\">\n                        <h3>Styrelsem\u00f6te i Leader Gute \u2013 projektbesluts- och utvecklingsm\u00f6te<\/h3>\n                                                    <p>Den 3 december 2026 fattar Leader Gutes styrelse beslut om prioritering av ans\u00f6kningar om projektst\u00f6d och utveckling av verksamheten.<\/p>\n                                            <\/div>\n                    <div class=\"post-symbol\">\n                        <span class=\"symbol-wrapper\">\n                            <i class=\"fa-light fa-chevron-right\"><\/i>\n                        <\/span>                            \n                    <\/div>\n                <\/a>\n                            <a class=\"calendar-post\" href=\"https:\/\/leadergute.se\/en\/kalenderpost\/ansokan-om-projektstod-till-jordbruksverket-6\/\">    \n                    <div class=\"date-wrapper\">\n                        11\/1                    <\/div>\n                    <div class=\"post-content\">\n                        <h3>Ans\u00f6kan om projektst\u00f6d till Jordbruksverket<\/h3>\n                                                    <p>Den 11 januari 2027 \u00e4r sista datum f\u00f6r ans\u00f6kan om projektst\u00f6d f\u00f6r prioritering av ans\u00f6kan den 25 februari 2027.<\/p>\n                                            <\/div>\n                    <div class=\"post-symbol\">\n                        <span class=\"symbol-wrapper\">\n                            <i class=\"fa-light fa-chevron-right\"><\/i>\n                        <\/span>                            \n                    <\/div>\n                <\/a>\n                            <a class=\"calendar-post\" href=\"https:\/\/leadergute.se\/en\/kalenderpost\/styrelsemote-i-leader-gute-projektbesluts-och-utvecklingsmote-9\/\">    \n                    <div class=\"date-wrapper\">\n                        25\/2                    <\/div>\n                    <div class=\"post-content\">\n                        <h3>Styrelsem\u00f6te i Leader Gute \u2013 projektbesluts- och utvecklingsm\u00f6te<\/h3>\n                                                    <p>Den 25 februari 2027 fattar Leader Gutes styrelse beslut om prioritering av ans\u00f6kningar om projektst\u00f6d och utveckling av verksamheten.<\/p>\n                                            <\/div>\n                    <div class=\"post-symbol\">\n                        <span class=\"symbol-wrapper\">\n                            <i class=\"fa-light fa-chevron-right\"><\/i>\n                        <\/span>                            \n                    <\/div>\n                <\/a>\n                    <\/div>\n            [\/et_pb_text][\/et_pb_column][\/et_pb_row][\/et_pb_section]<\/p>\n","protected":false},"excerpt":{"rendered":"<p>[et_pb_section fb_built=&#8221;1&#8243; _builder_version=&#8221;4.19.4&#8243; _module_preset=&#8221;default&#8221; custom_padding=&#8221;0px||||false|false&#8221; global_colors_info=&#8221;{}&#8221;][et_pb_row column_structure=&#8221;1_2,1_2&#8243; _builder_version=&#8221;4.19.4&#8243; _module_preset=&#8221;default&#8221; border_width_bottom=&#8221;1px&#8221; border_color_bottom=&#8221;#0C4160&#8243; global_colors_info=&#8221;{}&#8221;][et_pb_column type=&#8221;1_2&#8243; _builder_version=&#8221;4.19.4&#8243; _module_preset=&#8221;default&#8221; custom_padding=&#8221;30px|0px|0px|0px|false|false&#8221; custom_padding_tablet=&#8221;30px|0px|0px|0px|false|false&#8221; custom_padding_phone=&#8221;30px|0px|0px|0px|false|false&#8221; custom_padding_last_edited=&#8221;on|phone&#8221; global_colors_info=&#8221;{}&#8221;][et_pb_text _builder_version=&#8221;4.19.4&#8243; _module_preset=&#8221;default&#8221; header_font=&#8221;Oswald|500||on|||||&#8221; header_text_color=&#8221;#D57176&#8243; global_colors_info=&#8221;{}&#8221;] Vad h\u00e4nder hos oss? [\/et_pb_text][\/et_pb_column][et_pb_column type=&#8221;1_2&#8243; _builder_version=&#8221;4.19.4&#8243; _module_preset=&#8221;default&#8221; custom_padding=&#8221;30px|0px|0px|0px|false|false&#8221; custom_padding_tablet=&#8221;30px|0px|0px|0px|false|false&#8221; custom_padding_phone=&#8221;30px|0px|0px|0px|false|false&#8221; custom_padding_last_edited=&#8221;on|phone&#8221; global_colors_info=&#8221;{}&#8221;][et_pb_text _builder_version=&#8221;4.19.5&#8243; _module_preset=&#8221;default&#8221; hover_enabled=&#8221;0&#8243; global_colors_info=&#8221;{}&#8221; sticky_enabled=&#8221;0&#8243;][\/et_pb_text][\/et_pb_column][\/et_pb_row][et_pb_row _builder_version=&#8221;4.19.4&#8243; _module_preset=&#8221;default&#8221; global_colors_info=&#8221;{}&#8221;][et_pb_column type=&#8221;4_4&#8243; _builder_version=&#8221;4.19.4&#8243; _module_preset=&#8221;default&#8221; custom_padding=&#8221;30px|0px|0px|0px|false|false&#8221; custom_padding_tablet=&#8221;30px|0px|0px|0px|false|false&#8221; custom_padding_phone=&#8221;30px|0px|0px|0px|false|false&#8221; custom_padding_last_edited=&#8221;on|phone&#8221; global_colors_info=&#8221;{}&#8221;][et_pb_text _builder_version=&#8221;4.19.4&#8243; [&hellip;]<\/p>\n","protected":false},"author":2,"featured_media":0,"parent":0,"menu_order":98,"comment_status":"closed","ping_status":"closed","template":"","meta":{"_acf_changed":false,"_et_pb_use_builder":"on","_et_pb_old_content":"","_et_gb_content_width":"","footnotes":"","_links_to":"","_links_to_target":""},"class_list":["post-972","page","type-page","status-publish","hentry"],"acf":[],"yoast_head":"<!-- This site is optimized with the Yoast SEO plugin v28.2 - https:\/\/yoast.com\/product\/yoast-seo-wordpress\/ -->\n<title>Kalender - Leader Gute<\/title>\n<meta name=\"robots\" content=\"index, follow, max-snippet:-1, max-image-preview:large, max-video-preview:-1\" \/>\n<link rel=\"canonical\" href=\"https:\/\/leadergute.se\/en\/kalender\/\" \/>\n<meta property=\"og:locale\" content=\"en_US\" \/>\n<meta property=\"og:type\" content=\"article\" \/>\n<meta property=\"og:title\" content=\"Kalender - Leader Gute\" \/>\n<meta property=\"og:description\" content=\"[et_pb_section fb_built=&#8221;1&#8243; _builder_version=&#8221;4.19.4&#8243; _module_preset=&#8221;default&#8221; custom_padding=&#8221;0px||||false|false&#8221; global_colors_info=&#8221;{}&#8221;][et_pb_row column_structure=&#8221;1_2,1_2&#8243; _builder_version=&#8221;4.19.4&#8243; _module_preset=&#8221;default&#8221; border_width_bottom=&#8221;1px&#8221; border_color_bottom=&#8221;#0C4160&#8243; global_colors_info=&#8221;{}&#8221;][et_pb_column type=&#8221;1_2&#8243; _builder_version=&#8221;4.19.4&#8243; _module_preset=&#8221;default&#8221; custom_padding=&#8221;30px|0px|0px|0px|false|false&#8221; custom_padding_tablet=&#8221;30px|0px|0px|0px|false|false&#8221; custom_padding_phone=&#8221;30px|0px|0px|0px|false|false&#8221; custom_padding_last_edited=&#8221;on|phone&#8221; global_colors_info=&#8221;{}&#8221;][et_pb_text _builder_version=&#8221;4.19.4&#8243; _module_preset=&#8221;default&#8221; header_font=&#8221;Oswald|500||on|||||&#8221; header_text_color=&#8221;#D57176&#8243; global_colors_info=&#8221;{}&#8221;] Vad h\u00e4nder hos oss? [\/et_pb_text][\/et_pb_column][et_pb_column type=&#8221;1_2&#8243; _builder_version=&#8221;4.19.4&#8243; _module_preset=&#8221;default&#8221; custom_padding=&#8221;30px|0px|0px|0px|false|false&#8221; custom_padding_tablet=&#8221;30px|0px|0px|0px|false|false&#8221; custom_padding_phone=&#8221;30px|0px|0px|0px|false|false&#8221; custom_padding_last_edited=&#8221;on|phone&#8221; global_colors_info=&#8221;{}&#8221;][et_pb_text _builder_version=&#8221;4.19.5&#8243; _module_preset=&#8221;default&#8221; hover_enabled=&#8221;0&#8243; global_colors_info=&#8221;{}&#8221; sticky_enabled=&#8221;0&#8243;][\/et_pb_text][\/et_pb_column][\/et_pb_row][et_pb_row _builder_version=&#8221;4.19.4&#8243; _module_preset=&#8221;default&#8221; global_colors_info=&#8221;{}&#8221;][et_pb_column type=&#8221;4_4&#8243; _builder_version=&#8221;4.19.4&#8243; _module_preset=&#8221;default&#8221; custom_padding=&#8221;30px|0px|0px|0px|false|false&#8221; custom_padding_tablet=&#8221;30px|0px|0px|0px|false|false&#8221; custom_padding_phone=&#8221;30px|0px|0px|0px|false|false&#8221; custom_padding_last_edited=&#8221;on|phone&#8221; global_colors_info=&#8221;{}&#8221;][et_pb_text _builder_version=&#8221;4.19.4&#8243; [&hellip;]\" \/>\n<meta property=\"og:url\" content=\"https:\/\/leadergute.se\/en\/kalender\/\" \/>\n<meta property=\"og:site_name\" content=\"Leader Gute\" \/>\n<meta property=\"article:modified_time\" content=\"2023-02-15T15:10:26+00:00\" \/>\n<meta name=\"twitter:card\" content=\"summary_large_image\" \/>\n<meta name=\"twitter:label1\" content=\"Est. reading time\" \/>\n\t<meta name=\"twitter:data1\" content=\"1 minute\" \/>\n<script type=\"application\/ld+json\" class=\"yoast-schema-graph\">{\"@context\":\"https:\\\/\\\/schema.org\",\"@graph\":[{\"@type\":\"WebPage\",\"@id\":\"https:\\\/\\\/leadergute.se\\\/kalender\\\/\",\"url\":\"https:\\\/\\\/leadergute.se\\\/kalender\\\/\",\"name\":\"Kalender - Leader Gute\",\"isPartOf\":{\"@id\":\"https:\\\/\\\/leadergute.se\\\/#website\"},\"datePublished\":\"2023-01-20T12:55:40+00:00\",\"dateModified\":\"2023-02-15T15:10:26+00:00\",\"breadcrumb\":{\"@id\":\"https:\\\/\\\/leadergute.se\\\/kalender\\\/#breadcrumb\"},\"inLanguage\":\"en-US\",\"potentialAction\":[{\"@type\":\"ReadAction\",\"target\":[\"https:\\\/\\\/leadergute.se\\\/kalender\\\/\"]}]},{\"@type\":\"BreadcrumbList\",\"@id\":\"https:\\\/\\\/leadergute.se\\\/kalender\\\/#breadcrumb\",\"itemListElement\":[{\"@type\":\"ListItem\",\"position\":1,\"name\":\"Hem\",\"item\":\"https:\\\/\\\/leadergute.se\\\/\"},{\"@type\":\"ListItem\",\"position\":2,\"name\":\"Kalender\"}]},{\"@type\":\"WebSite\",\"@id\":\"https:\\\/\\\/leadergute.se\\\/#website\",\"url\":\"https:\\\/\\\/leadergute.se\\\/\",\"name\":\"Leader Gute\",\"description\":\"\",\"potentialAction\":[{\"@type\":\"SearchAction\",\"target\":{\"@type\":\"EntryPoint\",\"urlTemplate\":\"https:\\\/\\\/leadergute.se\\\/?s={search_term_string}\"},\"query-input\":{\"@type\":\"PropertyValueSpecification\",\"valueRequired\":true,\"valueName\":\"search_term_string\"}}],\"inLanguage\":\"en-US\"}]}<\/script>\n<!-- \/ Yoast SEO plugin. -->","yoast_head_json":{"title":"Kalender - Leader Gute","robots":{"index":"index","follow":"follow","max-snippet":"max-snippet:-1","max-image-preview":"max-image-preview:large","max-video-preview":"max-video-preview:-1"},"canonical":"https:\/\/leadergute.se\/en\/kalender\/","og_locale":"en_US","og_type":"article","og_title":"Kalender - Leader Gute","og_description":"[et_pb_section fb_built=&#8221;1&#8243; _builder_version=&#8221;4.19.4&#8243; _module_preset=&#8221;default&#8221; custom_padding=&#8221;0px||||false|false&#8221; global_colors_info=&#8221;{}&#8221;][et_pb_row column_structure=&#8221;1_2,1_2&#8243; _builder_version=&#8221;4.19.4&#8243; _module_preset=&#8221;default&#8221; border_width_bottom=&#8221;1px&#8221; border_color_bottom=&#8221;#0C4160&#8243; global_colors_info=&#8221;{}&#8221;][et_pb_column type=&#8221;1_2&#8243; _builder_version=&#8221;4.19.4&#8243; _module_preset=&#8221;default&#8221; custom_padding=&#8221;30px|0px|0px|0px|false|false&#8221; custom_padding_tablet=&#8221;30px|0px|0px|0px|false|false&#8221; custom_padding_phone=&#8221;30px|0px|0px|0px|false|false&#8221; custom_padding_last_edited=&#8221;on|phone&#8221; global_colors_info=&#8221;{}&#8221;][et_pb_text _builder_version=&#8221;4.19.4&#8243; _module_preset=&#8221;default&#8221; header_font=&#8221;Oswald|500||on|||||&#8221; header_text_color=&#8221;#D57176&#8243; global_colors_info=&#8221;{}&#8221;] Vad h\u00e4nder hos oss? [\/et_pb_text][\/et_pb_column][et_pb_column type=&#8221;1_2&#8243; _builder_version=&#8221;4.19.4&#8243; _module_preset=&#8221;default&#8221; custom_padding=&#8221;30px|0px|0px|0px|false|false&#8221; custom_padding_tablet=&#8221;30px|0px|0px|0px|false|false&#8221; custom_padding_phone=&#8221;30px|0px|0px|0px|false|false&#8221; custom_padding_last_edited=&#8221;on|phone&#8221; global_colors_info=&#8221;{}&#8221;][et_pb_text _builder_version=&#8221;4.19.5&#8243; _module_preset=&#8221;default&#8221; hover_enabled=&#8221;0&#8243; global_colors_info=&#8221;{}&#8221; sticky_enabled=&#8221;0&#8243;][\/et_pb_text][\/et_pb_column][\/et_pb_row][et_pb_row _builder_version=&#8221;4.19.4&#8243; _module_preset=&#8221;default&#8221; global_colors_info=&#8221;{}&#8221;][et_pb_column type=&#8221;4_4&#8243; _builder_version=&#8221;4.19.4&#8243; _module_preset=&#8221;default&#8221; custom_padding=&#8221;30px|0px|0px|0px|false|false&#8221; custom_padding_tablet=&#8221;30px|0px|0px|0px|false|false&#8221; custom_padding_phone=&#8221;30px|0px|0px|0px|false|false&#8221; custom_padding_last_edited=&#8221;on|phone&#8221; global_colors_info=&#8221;{}&#8221;][et_pb_text _builder_version=&#8221;4.19.4&#8243; [&hellip;]","og_url":"https:\/\/leadergute.se\/en\/kalender\/","og_site_name":"Leader Gute","article_modified_time":"2023-02-15T15:10:26+00:00","twitter_card":"summary_large_image","twitter_misc":{"Est. reading time":"1 minute"},"schema":{"@context":"https:\/\/schema.org","@graph":[{"@type":"WebPage","@id":"https:\/\/leadergute.se\/kalender\/","url":"https:\/\/leadergute.se\/kalender\/","name":"Kalender - Leader Gute","isPartOf":{"@id":"https:\/\/leadergute.se\/#website"},"datePublished":"2023-01-20T12:55:40+00:00","dateModified":"2023-02-15T15:10:26+00:00","breadcrumb":{"@id":"https:\/\/leadergute.se\/kalender\/#breadcrumb"},"inLanguage":"en-US","potentialAction":[{"@type":"ReadAction","target":["https:\/\/leadergute.se\/kalender\/"]}]},{"@type":"BreadcrumbList","@id":"https:\/\/leadergute.se\/kalender\/#breadcrumb","itemListElement":[{"@type":"ListItem","position":1,"name":"Hem","item":"https:\/\/leadergute.se\/"},{"@type":"ListItem","position":2,"name":"Kalender"}]},{"@type":"WebSite","@id":"https:\/\/leadergute.se\/#website","url":"https:\/\/leadergute.se\/","name":"Leader Gute","description":"","potentialAction":[{"@type":"SearchAction","target":{"@type":"EntryPoint","urlTemplate":"https:\/\/leadergute.se\/?s={search_term_string}"},"query-input":{"@type":"PropertyValueSpecification","valueRequired":true,"valueName":"search_term_string"}}],"inLanguage":"en-US"}]}},"_links":{"self":[{"href":"https:\/\/leadergute.se\/en\/wp-json\/wp\/v2\/pages\/972","targetHints":{"allow":["GET"]}}],"collection":[{"href":"https:\/\/leadergute.se\/en\/wp-json\/wp\/v2\/pages"}],"about":[{"href":"https:\/\/leadergute.se\/en\/wp-json\/wp\/v2\/types\/page"}],"author":[{"embeddable":true,"href":"https:\/\/leadergute.se\/en\/wp-json\/wp\/v2\/users\/2"}],"replies":[{"embeddable":true,"href":"https:\/\/leadergute.se\/en\/wp-json\/wp\/v2\/comments?post=972"}],"version-history":[{"count":7,"href":"https:\/\/leadergute.se\/en\/wp-json\/wp\/v2\/pages\/972\/revisions"}],"predecessor-version":[{"id":2144,"href":"https:\/\/leadergute.se\/en\/wp-json\/wp\/v2\/pages\/972\/revisions\/2144"}],"wp:attachment":[{"href":"https:\/\/leadergute.se\/en\/wp-json\/wp\/v2\/media?parent=972"}],"curies":[{"name":"wp","href":"https:\/\/api.w.org\/{rel}","templated":true}]}}